{"id":67,"date":"2017-02-03T18:30:35","date_gmt":"2017-02-03T17:30:35","guid":{"rendered":"http:\/\/asso-riposte.fr\/?page_id=67"},"modified":"2024-04-11T16:29:46","modified_gmt":"2024-04-11T14:29:46","slug":"hebergement-urgence-femmes-victimes-de-violence-conjugale","status":"publish","type":"page","link":"https:\/\/asso-riposte.fr\/index.php\/nos-activites\/pole-social\/hebergement-urgence-femmes-victimes-de-violence-conjugale\/","title":{"rendered":"L&rsquo;H\u00e9bergement d&rsquo;Urgence \u00ab\u00a0Femmes Victimes de Violence Conjugale\u00a0\u00bb"},"content":{"rendered":"<h2>LES MISSIONS<\/h2>\n<p>La mission d\u00e9volue aux centres <strong>d\u2019h\u00e9bergement d\u2019urgence est d\u2019accueillir et d\u2019h\u00e9berger en urgence<\/strong> les personnes \u00e0 la rue et les orienter vers une structure d\u2019insertion.<\/p>\n<p>Le Centre d\u2019 H\u00e9bergement d\u2019Urgence r\u00e9pond dans l<strong>\u2019imm\u00e9diatet\u00e9<\/strong> et de mani\u00e8re <strong>inconditionnelle<\/strong> \u00e0 un besoin de <strong>mise \u00e0 l\u2019abri<\/strong>, que celui-ci r\u00e9sulte d\u2019une demande spontan\u00e9e ou d\u2019une orientation.<\/p>\n<p>L\u2019h\u00e9bergement r\u00e9pond \u00e0 plusieurs types de besoins, avec des prises en charge adapt\u00e9es :<\/p>\n<ul style=\"padding: 0 30px;\">\n<li>il permet \u00e0 des<strong> personnes victimes de violences intrafamiliales<\/strong> de b\u00e9n\u00e9ficier d\u2019un <strong>temps de pause<\/strong> dans leur parcours de vie, dans un environnement \u00ab s\u00e9curisant \u00bb et \u00ab aidant \u00bb. Il r\u00e9pond aux besoins urgents de la personne (dormir, se laver, se changer, se nourrir\u2026) ;<\/li>\n<li>il permet<strong> d\u2019engager un d\u00e9p\u00f4t de plainte<\/strong> ;<\/li>\n<li>c\u2019est un lieu de<strong> stabilisation et d\u2019orientation<\/strong>, permettant pour les personnes victimes de violences intrafamiliales qui le souhaitent de b\u00e9n\u00e9ficier d\u2019un <strong>accompagnement social<\/strong> adapt\u00e9 et <strong>d\u2019initier un parcours vers l\u2019autonomie<\/strong> sociale et l\u2019insertion ;<\/li>\n<li>Les personnes peuvent <strong>b\u00e9n\u00e9ficier<\/strong> d\u2019une prise en charge <strong>psychologique<\/strong> d\u00e8s son entr\u00e9e dans le dispositif.<\/li>\n<\/ul>\n<h2>L&rsquo;ORGANISATION<\/h2>\n<p>L\u2019h\u00e9bergement s\u2019effectue<strong> en appartement collectif<\/strong> (1 chambre par personne h\u00e9berg\u00e9e &#8211; WC, sanitaire, cuisine et s\u00e9jour commun) ou <strong>en appartement familial<\/strong>.<br \/>\nLes lieux sont <strong>accessibles 24h sur 24<\/strong> en pleine autonomie dans le cadre du respect du r\u00e8glement de fonctionnement.<br \/>\nLes visites sont autoris\u00e9es, sous la responsabilit\u00e9 de l\u2019h\u00e9berg\u00e9, de 9h \u00e0 20h.<br \/>\n<strong><em>L\u2019h\u00e9bergement s\u2019effectue dans le cadre de la contractualisation entre l\u2019\u00e9tablissement et l\u2019usager, fixant les obligations r\u00e9ciproques ainsi que la dur\u00e9e du s\u00e9jour.<\/em><\/strong><\/p>\n<h2>LES B\u00c9N\u00c9FICIAIRES<\/h2>\n<p>Le dispositif d\u2019H\u00e9bergement d\u2019Urgence s\u2019adresse <strong>aux femmes ou hommes victimes de violences intrafamiliales<\/strong> accompagn\u00e9s ou non <strong>d\u2019enfant(s)<\/strong>.<\/p>\n<p><strong>L\u2019accueil des animaux de compagnie (hors NAC) peut \u00eatre autoris\u00e9.<\/strong><\/p>\n<h2>ADMISSION<\/h2>\n<p>L&rsquo;admission s&rsquo;effectue via le <strong>115<\/strong>.<\/p>\n<h2>LA DUR\u00c9E DES S\u00c9JOURS<\/h2>\n<p>La dur\u00e9e est fonction de la r\u00e9orientation propos\u00e9e. <strong>Les s\u00e9jours doivent \u00eatre de courte dur\u00e9e.<\/strong><\/p>\n<h2>CAPACIT\u00c9<\/h2>\n<p><strong>9<\/strong> places sur l\u2019Agglom\u00e9ration du GARD RHODANIEN<\/p>\n<h2>PARTICIPATION<\/h2>\n<p><strong>13%<\/strong> des revenus<\/p>\n<h2>LES MOYENS<\/h2>\n<p>L\u2019\u00e9quipe est compos\u00e9e de :<\/p>\n<ul style=\"padding: 0 30px;\">\n<li>1 Directeur<\/li>\n<li>1 Chef de Service Educatif<\/li>\n<li>2 Moniteurs adjoint<\/li>\n<li>1 Travailleur Social<\/li>\n<li>1 Psychologue (intervenant ext\u00e9rieur)<\/li>\n<li>1 Ouvrier d\u2019Entretien<\/li>\n<\/ul>\n<h2>CADRE R\u00c9GLEMENTAIRE<\/h2>\n<ul style=\"padding: 0 30px;\">\n<li>Loi n\u00b0 98-657 du 29 juillet 1998 d\u2019orientation, relative \u00e0 la lutte contre les exclusions<\/li>\n<li>La loi 2002-2 du 2 janvier 2002<\/li>\n<li>Loi n\u00b02007-290 du 5 mars 2007 instituant le Droit Au Logement Opposable<\/li>\n<li>Circulaire du 19 mars 2007 portant sur les conditions de prise en charge des personnes h\u00e9berg\u00e9es en Foyer d\u2019H\u00e9bergement d\u2019Urgence<\/li>\n<li>Le R\u00e9f\u00e9rentiel d\u2019Accueil \u2013 H\u00e9bergement- Insertion (AHI) publi\u00e9 en mars 2005<\/li>\n<li>La loi ALUR du 24 mars 2014<\/li>\n<li>Le PDALHPD<\/li>\n<\/ul>\n<p><a class=\"pdf\" href=\"http:\/\/asso-riposte.fr\/wp-content\/uploads\/2024\/04\/RA-Pole-Social-2023.pdf\" target=\"_blank\" rel=\"noopener noreferrer\">Visualiser le rapport d&rsquo;activit\u00e9 du P\u00f4le Social 2023<\/a><\/p>\n<p><a class=\"pdf\" href=\"http:\/\/asso-riposte.fr\/wp-content\/uploads\/2023\/10\/RA-GLOBAL-Pole-Social-2022-du-06-04-2023.pdf\" target=\"_blank\" rel=\"noopener noreferrer\">Visualiser le rapport d&rsquo;activit\u00e9 du P\u00f4le Social 2022<\/a><\/p>\n<p><a class=\"pdf\" href=\"http:\/\/asso-riposte.fr\/wp-content\/uploads\/2022\/09\/Rapport-dactivit\u00e9-P\u00f4le-Social-2021.pdf\" target=\"_blank\" rel=\"noopener noreferrer\">Visualiser le rapport d&rsquo;activit\u00e9 du P\u00f4le Social 2021<\/a><\/p>\n<p><a class=\"pdf\" href=\"http:\/\/asso-riposte.fr\/wp-content\/uploads\/2022\/09\/RA-P\u00f4le-social-2020-RIPOSTE.pdf\" target=\"_blank\" rel=\"noopener noreferrer\">Visualiser le rapport d&rsquo;activit\u00e9 du P\u00f4le Social 2020<\/a><\/p>\n<p><a class=\"pdf\" href=\"http:\/\/asso-riposte.fr\/wp-content\/uploads\/2020\/08\/Rapport-dactivit\u00e9-2019-HUG-_HUFVV-JUIN20-pdf.pdf\" target=\"_blank\" rel=\"noopener noreferrer\">Visualiser le rapport d&rsquo;activit\u00e9 HU \/ HUFVV &#8211; 2019<\/a><\/p>\n","protected":false},"excerpt":{"rendered":"<p>LES MISSIONS La mission d\u00e9volue aux centres d\u2019h\u00e9bergement d\u2019urgence est d\u2019accueillir et d\u2019h\u00e9berger en urgence les personnes \u00e0 la rue et les orienter vers une structure d\u2019insertion. Le Centre d\u2019 H\u00e9bergement d\u2019Urgence r\u00e9pond dans l\u2019imm\u00e9diatet\u00e9 et de mani\u00e8re inconditionnelle \u00e0 un besoin de mise \u00e0 l\u2019abri, que celui-ci r\u00e9sulte d\u2019une demande spontan\u00e9e ou d\u2019une orientation. &hellip; <\/p>\n<p class=\"link-more\"><a href=\"https:\/\/asso-riposte.fr\/index.php\/nos-activites\/pole-social\/hebergement-urgence-femmes-victimes-de-violence-conjugale\/\" class=\"more-link\">Continuer la lecture<span class=\"screen-reader-text\"> de &laquo;&nbsp;L&rsquo;H\u00e9bergement d&rsquo;Urgence \u00ab\u00a0Femmes Victimes de Violence Conjugale\u00a0\u00bb&nbsp;&raquo;<\/span><\/a><\/p>\n","protected":false},"author":1,"featured_media":0,"parent":54,"menu_order":0,"comment_status":"closed","ping_status":"closed","template":"","meta":{"footnotes":""},"class_list":["post-67","page","type-page","status-publish","hentry"],"_links":{"self":[{"href":"https:\/\/asso-riposte.fr\/index.php\/wp-json\/wp\/v2\/pages\/67","targetHints":{"allow":["GET"]}}],"collection":[{"href":"https:\/\/asso-riposte.fr\/index.php\/wp-json\/wp\/v2\/pages"}],"about":[{"href":"https:\/\/asso-riposte.fr\/index.php\/wp-json\/wp\/v2\/types\/page"}],"author":[{"embeddable":true,"href":"https:\/\/asso-riposte.fr\/index.php\/wp-json\/wp\/v2\/users\/1"}],"replies":[{"embeddable":true,"href":"https:\/\/asso-riposte.fr\/index.php\/wp-json\/wp\/v2\/comments?post=67"}],"version-history":[{"count":11,"href":"https:\/\/asso-riposte.fr\/index.php\/wp-json\/wp\/v2\/pages\/67\/revisions"}],"predecessor-version":[{"id":908,"href":"https:\/\/asso-riposte.fr\/index.php\/wp-json\/wp\/v2\/pages\/67\/revisions\/908"}],"up":[{"embeddable":true,"href":"https:\/\/asso-riposte.fr\/index.php\/wp-json\/wp\/v2\/pages\/54"}],"wp:attachment":[{"href":"https:\/\/asso-riposte.fr\/index.php\/wp-json\/wp\/v2\/media?parent=67"}],"curies":[{"name":"wp","href":"https:\/\/api.w.org\/{rel}","templated":true}]}}