{"id":83,"date":"2017-02-03T18:38:07","date_gmt":"2017-02-03T17:38:07","guid":{"rendered":"http:\/\/asso-riposte.fr\/?page_id=83"},"modified":"2022-09-06T15:43:46","modified_gmt":"2022-09-06T13:43:46","slug":"le-point-ecoute-sante","status":"publish","type":"page","link":"https:\/\/asso-riposte.fr\/index.php\/nos-activites\/pole-sante\/le-point-ecoute-sante\/","title":{"rendered":"Le Point Ecoute Sant\u00e9"},"content":{"rendered":"<h2>LES MISSIONS<\/h2>\n<p>Le<strong> Point Ecoute Sant\u00e9<\/strong> se fixe comme objectif de :<\/p>\n<ul style=\"padding: 0 30px;\">\n<li><strong>Faciliter l\u2019acc\u00e8s \u00e0 la sant\u00e9<\/strong> des plus d\u00e9munis, personnes sans r\u00e9sidence stable, b\u00e9n\u00e9ficiaires des minima sociaux dont les allocataires du RSA, des habitants des quartiers prioritaires.<\/li>\n<li><strong>Am\u00e9liorer l\u2019acc\u00e8s \u00e0 la sant\u00e9<\/strong> des m\u00e9nages en proposant, dans les r\u00e9seaux de sant\u00e9 GARD ROHANIEN, un dispositif d\u2019accompagnement des populations en situation de pr\u00e9carit\u00e9 visant \u00e0 d\u00e9velopper chez les personnes pr\u00e9caire leurs moyens d\u2019assurer un plus grand contr\u00f4le sur leur propre sant\u00e9 et d\u2019am\u00e9liorer celle-ci<\/li>\n<li><strong>Identifier les freins dans l\u2019acc\u00e8s \u00e0 la sant\u00e9<\/strong> en lien avec le FIDDAS et mettre en \u0153uvre des accompagnements sp\u00e9cifiques et op\u00e9rationnels pour faciliter une insertion professionnelle<\/li>\n<li><strong>Identifier et Orienter pour lutter contre l\u2019agravation<\/strong> des pathologies psychiatriques et\/ou psychologiques li\u00e9s \u00e0 la grande exclusion.<\/li>\n<li><strong>Promouvoir la sant\u00e9 mentale<\/strong> au sens de l\u2019OMS<\/li>\n<\/ul>\n<h2>LES ACTIONS<\/h2>\n<p>Le service se propose de :<\/p>\n<h3><strong>Animer un r\u00e9seau m\u00e9decine de ville\/institution<\/strong><\/h3>\n<ul style=\"padding: 0 30px;\">\n<li>piloter des synth\u00e8ses pluridisciplinaires et multi-partenariales afin de faciliter l\u2019acc\u00e8s aux soins<\/li>\n<li>renforcer la coordination des acteurs intervenant aupr\u00e8s de ces publics,<\/li>\n<li>Participation au r\u00e9seau d\u2019accompagnement des femmes victimes de violence intrafamiliale pilot\u00e9 par l\u2019Agglom\u00e9ration GARD RHODANIEN<\/li>\n<\/ul>\n<h3><strong>Proposer un accompagnement social sp\u00e9cifique pour les personnes b\u00e9n\u00e9ficiant des minima sociaux dont les allocataires du RSA<\/strong><\/h3>\n<ul style=\"padding: 0 30px;\">\n<li>Aider \u00e0 la reprise de lien avec les institutions,<\/li>\n<li>Aider \u00e0 la construction d&rsquo;un projet de vie r\u00e9aliste,<\/li>\n<li>Accompagner les publics vers des comportements favorables \u00e0 la sant\u00e9 et \u00e0 la protection de l\u2019environnement en s\u2019appuyant sur les ressources locales<\/li>\n<li>Travailler sur le d\u00e9veloppement des comp\u00e9tences psychosociales \u00e0 tous les \u00e2ges de la vie pour une meilleure estime de soi et le respect des autres.<\/li>\n<li>Accompagner vers les structures de sant\u00e9 (FIDASS, ANPAA, CMP, HOPITAL,\u2026)<\/li>\n<\/ul>\n<h3><strong>Proposer un soutien th\u00e9rapeutique<\/strong><\/h3>\n<ul style=\"padding: 0 30px;\">\n<li>Aider la verbalisation de la souffrance psychique,<\/li>\n<li>Travailler sur le d\u00e9veloppement des comp\u00e9tences psychosociales \u00e0 tous les \u00e2ges de la vie pour une meilleure estime de soi et le respect des autres,<\/li>\n<li>Aider \u00e0 trouver une prise en charge de soins m\u00e9dicaux et psychologiques dans un autre cadre.<\/li>\n<\/ul>\n<h2>LE PUBLIC<\/h2>\n<p>Le public est les b\u00e9n\u00e9ficiaires du RSA ou des minima-sociaux :<\/p>\n<ul style=\"padding: 0 30px;\">\n<li>Les<strong> personnes orient\u00e9es par<\/strong> les services d\u00e9partementaux et les m\u00e9decins de ville n\u00e9cessitant un accompagnement renforc\u00e9 par rapport \u00e0 l\u2019acc\u00e8s \u00e0 la sant\u00e9 ;<\/li>\n<li>Les <strong>personnes accueillies<\/strong> au sein de l\u2019accueil de jour et du service d\u2019accueil, d\u2019orientation et d\u2019accompagnement des personnes sans r\u00e9sidence stable.<\/li>\n<\/ul>\n<h2>D\u00c9ROULEMENT DE L\u2019ACTION<\/h2>\n<h3><strong>LE R\u00c9SEAU<\/strong><\/h3>\n<ul style=\"padding: 0 30px;\">\n<li>Des r\u00e9unions de synth\u00e8se sont programm\u00e9es tous les jeudis midi entre 12h30 et 14h. Y sont convi\u00e9s les m\u00e9decins de ville, les services hospitaliers, les services sociaux et de sant\u00e9,\u2026 et tous professionnels \u00e9tant en charge de la situation<\/li>\n<li>La participation au staff des urgences de l\u2019h\u00f4pital de Bagnols-sur-C\u00e8ze (psychiatrie, urgences, \u00e9quipe de soins en addictologie) organis\u00e9 et anim\u00e9 par le CMP.<\/li>\n<\/ul>\n<h3><strong>L\u2019ACCOMPAGNEMENT SOCIAL<\/strong><\/h3>\n<ul style=\"padding: 0 30px;\">\n<li>Le travailleur social re\u00e7oit sur rendez-vous les mardis et mercredis et un jeudi apr\u00e8s-midi tous les quinze jours.<\/li>\n<li>Il peut, si n\u00e9cessaire, accompagner physiquement les personnes dans leur d\u00e9marche pour faciliter la reprise de lien avec le syst\u00e8me de sant\u00e9<\/li>\n<li>Il programme les synth\u00e8ses avec les professionnels en charge du suivi social, sanitaire.<\/li>\n<\/ul>\n<h3><strong>LE SUIVI PSYCHOLOGIQUE<\/strong><\/h3>\n<ul style=\"padding: 0 30px;\">\n<li>La psychologue re\u00e7oit sur RDV les lundis matin, les mercredis apr\u00e8s-midi et les jeudis apr\u00e8s-midi<\/li>\n<li>Elle participe au r\u00e9seau d\u2019accompagnement des femmes victimes de violence conjugales<\/li>\n<\/ul>\n<h2>LES MOYENS<\/h2>\n<p>L\u2019\u00e9quipe est compos\u00e9e<\/p>\n<ul style=\"padding: 0 30px;\">\n<li>Directeur<\/li>\n<li>1 Chef de Service Educatif<\/li>\n<li>1 secr\u00e9taire<\/li>\n<li>1 Comptable<\/li>\n<li>1 Moniteur Educateur<\/li>\n<li>1 Psychologue<\/li>\n<li>1 Ouvrier d\u2019Entretien<\/li>\n<\/ul>\n<h2>LE CADRE R\u00c9GLEMENTAIRE<\/h2>\n<p>L\u2019action est financ\u00e9e par le D\u00e9partement du GARD dans le cadre de ces missions d\u2019aide \u00e0 l\u2019insertion des b\u00e9n\u00e9ficiaires du RSA.<\/p>\n<p><i>Pour trouver les rapports d&rsquo;activit\u00e9s des ann\u00e9es, consulter les rapports d&rsquo;activit\u00e9s du P\u00f4le Social<\/i><\/p>\n<p><a class=\"pdf\" href=\"http:\/\/asso-riposte.fr\/wp-content\/uploads\/2020\/08\/Rapport-dacrivit\u00e9-2019-POINT-ECOUTE-SANTE-JUIN20-pdf.pdf\" target=\"_blank\" rel=\"noopener noreferrer\">Visualiser le rapport d&rsquo;activit\u00e9 Point Ecoute Sant\u00e9 2019<\/a><\/p>\n","protected":false},"excerpt":{"rendered":"<p>LES MISSIONS Le Point Ecoute Sant\u00e9 se fixe comme objectif de : Faciliter l\u2019acc\u00e8s \u00e0 la sant\u00e9 des plus d\u00e9munis, personnes sans r\u00e9sidence stable, b\u00e9n\u00e9ficiaires des minima sociaux dont les allocataires du RSA, des habitants des quartiers prioritaires. Am\u00e9liorer l\u2019acc\u00e8s \u00e0 la sant\u00e9 des m\u00e9nages en proposant, dans les r\u00e9seaux de sant\u00e9 GARD ROHANIEN, un &hellip; <\/p>\n<p class=\"link-more\"><a href=\"https:\/\/asso-riposte.fr\/index.php\/nos-activites\/pole-sante\/le-point-ecoute-sante\/\" class=\"more-link\">Continuer la lecture<span class=\"screen-reader-text\"> de &laquo;&nbsp;Le Point Ecoute Sant\u00e9&nbsp;&raquo;<\/span><\/a><\/p>\n","protected":false},"author":1,"featured_media":545,"parent":57,"menu_order":0,"comment_status":"closed","ping_status":"closed","template":"","meta":{"footnotes":""},"class_list":["post-83","page","type-page","status-publish","has-post-thumbnail","hentry"],"_links":{"self":[{"href":"https:\/\/asso-riposte.fr\/index.php\/wp-json\/wp\/v2\/pages\/83","targetHints":{"allow":["GET"]}}],"collection":[{"href":"https:\/\/asso-riposte.fr\/index.php\/wp-json\/wp\/v2\/pages"}],"about":[{"href":"https:\/\/asso-riposte.fr\/index.php\/wp-json\/wp\/v2\/types\/page"}],"author":[{"embeddable":true,"href":"https:\/\/asso-riposte.fr\/index.php\/wp-json\/wp\/v2\/users\/1"}],"replies":[{"embeddable":true,"href":"https:\/\/asso-riposte.fr\/index.php\/wp-json\/wp\/v2\/comments?post=83"}],"version-history":[{"count":12,"href":"https:\/\/asso-riposte.fr\/index.php\/wp-json\/wp\/v2\/pages\/83\/revisions"}],"predecessor-version":[{"id":826,"href":"https:\/\/asso-riposte.fr\/index.php\/wp-json\/wp\/v2\/pages\/83\/revisions\/826"}],"up":[{"embeddable":true,"href":"https:\/\/asso-riposte.fr\/index.php\/wp-json\/wp\/v2\/pages\/57"}],"wp:featuredmedia":[{"embeddable":true,"href":"https:\/\/asso-riposte.fr\/index.php\/wp-json\/wp\/v2\/media\/545"}],"wp:attachment":[{"href":"https:\/\/asso-riposte.fr\/index.php\/wp-json\/wp\/v2\/media?parent=83"}],"curies":[{"name":"wp","href":"https:\/\/api.w.org\/{rel}","templated":true}]}}